{"id":572,"date":"2021-06-18T06:33:33","date_gmt":"2021-06-18T06:33:33","guid":{"rendered":"https:\/\/lilasoi.fr\/index.php\/home\/"},"modified":"2023-09-21T09:03:24","modified_gmt":"2023-09-21T07:03:24","slug":"home","status":"publish","type":"page","link":"https:\/\/lilasoi.fr\/","title":{"rendered":"R\u00e9flexologie Plantaire toulon"},"content":{"rendered":"\n<div class=\"wp-block-cover is-light\"><span aria-hidden=\"true\" class=\"wp-block-cover__background has-background-dim-0 has-background-dim\"><\/span><div class=\"wp-block-cover__inner-container is-layout-flow wp-block-cover-is-layout-flow\">\n<div class=\"inherit-container-width wp-block-group is-layout-constrained wp-block-group-is-layout-constrained\"><div class=\"wp-block-group__inner-container\">\n<div class=\"wp-block-cover aligncenter\"><span aria-hidden=\"true\" class=\"wp-block-cover__background has-ast-global-color-4-background-color has-background-dim-100 has-background-dim\"><\/span><div class=\"wp-block-cover__inner-container is-layout-flow wp-block-cover-is-layout-flow\">\n<div class=\"wp-block-columns alignwide are-vertically-aligned-center is-layout-flex wp-container-core-columns-is-layout-1 wp-block-columns-is-layout-flex\">\n<div class=\"wp-block-column is-vertically-aligned-center is-layout-flow wp-block-column-is-layout-flow\">\n<h1 class=\"has-text-align-center has-ast-global-color-1-color has-text-color wp-block-heading\">L&rsquo;\u00eele \u00e0 Soi<\/h1>\n\n\n\n<figure class=\"wp-block-image aligncenter size-full is-resized wp-duotone-rgb9135193-rgb255248107-1\"><img loading=\"lazy\" decoding=\"async\" src=\"https:\/\/lilasoi.fr\/wp-content\/uploads\/2022\/08\/flower-waterlily-botany-7383308-edited-e1660904084152.jpg\" alt=\"flower, waterlily, botany-7383308.jpg\" class=\"wp-image-773\" width=\"315\" height=\"167\" srcset=\"https:\/\/lilasoi.fr\/wp-content\/uploads\/2022\/08\/flower-waterlily-botany-7383308-edited-e1660904084152.jpg 852w, https:\/\/lilasoi.fr\/wp-content\/uploads\/2022\/08\/flower-waterlily-botany-7383308-edited-e1660904084152-300x160.jpg 300w, https:\/\/lilasoi.fr\/wp-content\/uploads\/2022\/08\/flower-waterlily-botany-7383308-edited-e1660904084152-768x409.jpg 768w\" sizes=\"(max-width: 315px) 100vw, 315px\" \/><\/figure>\n<\/div>\n\n\n\n<div class=\"wp-block-column is-vertically-aligned-center is-layout-flow wp-block-column-is-layout-flow\">\n<hr class=\"wp-block-separator has-text-color has-ast-global-color-0-color has-css-opacity has-ast-global-color-0-background-color has-background is-style-wide\"\/>\n\n\n\n<div class=\"inherit-container-width wp-block-group is-layout-constrained wp-block-group-is-layout-constrained\"><div class=\"wp-block-group__inner-container\">\n<p class=\"has-text-align-left has-ast-global-color-3-color has-text-color has-medium-font-size\">R\u00e9flexologie Plantaire &#8211; Techniques Respiratoires<\/p>\n\n\n\n<p class=\"has-text-align-left has-ast-global-color-3-color has-text-color has-medium-font-size\">Ateliers : Danse Intuitive, Danse Arch\u00e9type&#8230;<\/p>\n<\/div><\/div>\n\n\n\n<h5 class=\"has-text-align-right has-ast-global-color-2-color has-text-color wp-block-heading\">Sur RDV : en cabinet, \u00e0 domicile, online<\/h5>\n\n\n\n<h6 class=\"has-text-align-right has-ast-global-color-0-color has-text-color wp-block-heading\">Toulon, Hy\u00e8res, Sanary<\/h6>\n\n\n\n<p class=\"has-text-align-right has-ast-global-color-0-color has-text-color has-medium-font-size\">contact@lilasoi.fr<\/p>\n\n\n\n<p class=\"has-text-align-right has-ast-global-color-0-color has-text-color\"><strong>06 66 06 39 14<\/strong><\/p>\n<\/div>\n<\/div>\n<\/div><\/div>\n<\/div><\/div>\n<\/div><\/div>\n\n\n\n<div class=\"inherit-container-width wp-block-group alignfull is-layout-constrained wp-block-group-is-layout-constrained\"><div class=\"wp-block-group__inner-container\"><\/div><\/div>\n\n\n\n<div class=\"inherit-container-width wp-block-group alignfull has-ast-global-color-5-background-color has-background is-layout-constrained wp-block-group-is-layout-constrained\"><div class=\"wp-block-group__inner-container\">\n<h2 class=\"has-text-align-center has-ast-global-color-1-color has-text-color wp-block-heading\">Enracinez-vous dans le souffle de vie !<\/h2>\n\n\n\n<hr class=\"wp-block-separator has-text-color has-ast-global-color-0-color has-css-opacity has-ast-global-color-0-background-color has-background aligncenter\"\/>\n\n\n\n<p class=\"has-text-align-center\">Je propose diff\u00e9rentes approches pour retrouver votre<strong> force vitale <\/strong>et <strong>fluidifier le lien <\/strong>entre votre<strong> corps<\/strong>, votre <strong>expression <\/strong>et votre <strong>esprit<\/strong><\/p>\n\n\n\n<div class=\"wp-block-columns is-layout-flex wp-container-core-columns-is-layout-2 wp-block-columns-is-layout-flex\">\n<div class=\"wp-block-column is-layout-flow wp-block-column-is-layout-flow\">\n<figure class=\"wp-block-image aligncenter size-full is-resized\"><img loading=\"lazy\" decoding=\"async\" src=\"https:\/\/lilasoi.fr\/wp-content\/uploads\/2022\/08\/th-3793271380.jpg\" alt=\"\" class=\"wp-image-684\" width=\"483\" height=\"359\"\/><\/figure>\n\n\n\n<hr class=\"wp-block-separator has-text-color has-ast-global-color-0-color has-css-opacity has-ast-global-color-0-background-color has-background aligncenter\"\/>\n\n\n\n<h3 class=\"has-text-align-center wp-block-heading\">R\u00e9flexologie Plantaire <\/h3>\n\n\n\n<p class=\"has-text-align-center\">En compl\u00e9ment d\u2019un suivi m\u00e9dical ou psychologique*, la r\u00e9flexologie plantaire a pour&nbsp;but de<strong>&nbsp;pr\u00e9venir et soulager les maladies<\/strong> par un processus de r\u00e9\u00e9quilibrage .<\/p>\n\n\n\n<div class=\"wp-block-buttons is-layout-flex wp-block-buttons-is-layout-flex\">\n<div class=\"wp-block-button aligncenter\"><a class=\"wp-block-button__link has-ast-global-color-1-color has-text-color wp-element-button\" href=\"https:\/\/lilasoi.fr\/index.php\/classes\/\">En Savoir Plus<\/a><\/div>\n<\/div>\n\n\n\n<p class=\"has-text-align-center has-ast-global-color-0-color has-text-color\"><strong>1 S\u00e9ance d&rsquo;1h : 60\u20ac<\/strong><br>4 S\u00e9ances \/ Trim. : 200\u20ac<br>4 S\u00e9ances \/ Mois : 180\u20ac <br>Formation s\/ devis<\/p>\n\n\n\n<p class=\"has-text-align-center\"><strong>Rembours\u00e9e jusqu&rsquo;\u00e0 100% par certaines Mutuelles<\/strong><\/p>\n\n\n\n<p class=\"has-text-align-center has-ast-global-color-0-color has-text-color\"><a href=\"https:\/\/goo.gl\/maps\/2WLt5AMYpmhWpGPs8\">Lundi de 15h \u00e0 20h : 8 av. Eisenhower, Hy\u00e8res<\/a><\/p>\n\n\n\n<p class=\"has-text-align-center has-ast-global-color-0-color has-text-color\"><a href=\"https:\/\/goo.gl\/maps\/iYXMJFNsW6yMVzdS6\">Mer de 10h \u00e0 20h : \u00e0 domicile, Toulon<\/a><\/p>\n\n\n\n<div class=\"wp-block-buttons is-horizontal is-content-justification-center is-layout-flex wp-container-core-buttons-is-layout-2 wp-block-buttons-is-layout-flex\">\n<div class=\"wp-block-button is-style-fill\"><a class=\"wp-block-button__link has-ast-global-color-7-color has-ast-global-color-1-background-color has-text-color has-background wp-element-button\" href=\"https:\/\/lilasoi.fr\/index.php\/contact\/\" target=\"_blank\" rel=\"noreferrer noopener\">Prendre RDV<\/a><\/div>\n<\/div>\n<\/div>\n\n\n\n<div class=\"wp-block-column is-layout-flow wp-block-column-is-layout-flow\">\n<figure class=\"wp-block-image aligncenter size-full is-resized\"><img loading=\"lazy\" decoding=\"async\" src=\"https:\/\/lilasoi.fr\/wp-content\/uploads\/2022\/08\/th-957381414.jpg\" alt=\"\" class=\"wp-image-685\" width=\"483\" height=\"359\"\/><\/figure>\n\n\n\n<hr class=\"wp-block-separator has-text-color has-ast-global-color-0-color has-css-opacity has-ast-global-color-0-background-color has-background aligncenter\"\/>\n\n\n\n<h3 class=\"has-text-align-center wp-block-heading\">Techniques Respiratoires<\/h3>\n\n\n\n<p class=\"has-text-align-center\">En compl\u00e9ment d\u2019un suivi m\u00e9dical, di\u00e9t\u00e9tique ou psychologique*, des techniques respiratoires adapt\u00e9es \u00e0 chaque situation peuvent <strong>diminuer les maux quotidiens<\/strong>.<\/p>\n\n\n\n<div class=\"wp-block-buttons is-content-justification-center is-layout-flex wp-container-core-buttons-is-layout-3 wp-block-buttons-is-layout-flex\">\n<div class=\"wp-block-button\"><a class=\"wp-block-button__link has-ast-global-color-1-color has-text-color wp-element-button\" href=\"https:\/\/lilasoi.fr\/index.php\/classes\/\">En Savoir plus<\/a><\/div>\n<\/div>\n\n\n\n<p class=\"has-text-align-center has-ast-global-color-0-color has-text-color\"><strong>1 S\u00e9ance 20 min : 10\u20ac<\/strong><br>4 S\u00e9ances \/ Mois : 35\u20ac<br>12 S\u00e9ances \/Trim. : 100\u20ac<br>On line 15 min : 5\u20ac\/S<\/p>\n\n\n\n<p class=\"has-text-align-center\"><em>Les Ateliers \u00ab\u00a0Bulles d&rsquo;Air\u00a0\u00bb Matinaux reprennent au printemps !<\/em><\/p>\n\n\n\n<p class=\"has-text-align-center\">Lundis \u00e0 Hy\u00e8res<\/p>\n\n\n\n<p class=\"has-text-align-center\">Jeudis \u00e0 Toulon et Vendredi \u00e0 Ollioules<\/p>\n\n\n\n<div class=\"wp-block-buttons is-horizontal is-content-justification-center is-layout-flex wp-container-core-buttons-is-layout-4 wp-block-buttons-is-layout-flex\">\n<div class=\"wp-block-button is-style-fill\"><a class=\"wp-block-button__link has-ast-global-color-7-color has-ast-global-color-1-background-color has-text-color has-background wp-element-button\" href=\"\" target=\"_blank\" rel=\"noreferrer noopener\">Prendre rdv<\/a><\/div>\n<\/div>\n<\/div>\n<\/div>\n<\/div><\/div>\n\n\n\n<div class=\"wp-block-cover alignfull is-light has-parallax is-repeated\" style=\"min-height:600px;aspect-ratio:unset;\"><span aria-hidden=\"true\" class=\"wp-block-cover__background has-ast-global-color-5-background-color has-background-dim-0 has-background-dim\"><\/span><div role=\"img\" class=\"wp-block-cover__image-background wp-image-721 has-parallax is-repeated\" style=\"background-position:58% 74%;background-image:url(https:\/\/lilasoi.fr\/wp-content\/uploads\/2022\/08\/photo.jpg)\"><\/div><div class=\"wp-block-cover__inner-container is-layout-flow wp-block-cover-is-layout-flow\">\n<div class=\"wp-block-media-text has-media-on-the-right is-stacked-on-mobile is-vertically-aligned-center\"><div class=\"wp-block-media-text__content\">\n<div class=\"inherit-container-width wp-block-group has-ast-global-color-5-background-color has-background is-layout-constrained wp-block-group-is-layout-constrained\"><div class=\"wp-block-group__inner-container\">\n<h3 class=\"has-text-align-center has-ast-global-color-1-color has-text-color wp-block-heading\"><em>Je Propose<\/em> &#8230;<\/h3>\n\n\n\n<blockquote class=\"wp-block-quote has-text-align-center is-layout-flow wp-block-quote-is-layout-flow\">\n<p>Je propose diff\u00e9rentes approches pour retrouver votre force vitale et fluidifier le lien entre votre corps, votre expression et votre esprit&nbsp;:<\/p>\n\n\n\n<p>&nbsp;Deux m\u00e9thodes pour soulager vos maux, explorer leurs causes et encourager le changement des habitudes.<\/p>\n\n\n\n<p>Pour cela, j&rsquo;ai \u00e9t\u00e9 form\u00e9 \u00e0 l\u2019<strong>\u00e9cole Nationale de Naturopathie certifi\u00e9e par l\u2019OMNES<\/strong>.<\/p>\n\n\n\n<p>Et<\/p>\n\n\n\n<p>&nbsp;Trois ateliers cr\u00e9atifs pour mettre en mouvement le voyageur int\u00e9rieur et lui offrir de se manifester. <\/p>\n\n\n\n<p>Pour cela, j\u2019ai pratiqu\u00e9 et <strong>enseign\u00e9 les arts du spectacle vivants pendant plus de 15 ans<\/strong>.<\/p>\n<\/blockquote>\n<\/div><\/div>\n<\/div><figure class=\"wp-block-media-text__media\"><\/figure><\/div>\n<\/div><\/div>\n\n\n\n<div class=\"inherit-container-width wp-block-group alignfull has-ast-global-color-5-background-color has-background is-layout-constrained wp-block-group-is-layout-constrained\"><div class=\"wp-block-group__inner-container\">\n<h2 class=\"has-text-align-center wp-block-heading\">Voyages int\u00e9rieurs<\/h2>\n\n\n\n<hr class=\"wp-block-separator has-text-color has-ast-global-color-0-color has-css-opacity has-ast-global-color-0-background-color has-background aligncenter\"\/>\n\n\n\n<p class=\"has-text-align-center has-ast-global-color-5-color has-ast-global-color-0-background-color has-text-color has-background has-medium-font-size\" style=\"line-height:1\">Quand rien est pr\u00e9vu, tout est possible&nbsp;!<\/p>\n\n\n\n<p class=\"has-text-align-center\">&nbsp;Trois ateliers cr\u00e9atifs pour mettre en mouvement le voyageur int\u00e9rieur et lui offrir de se manifester. <\/p>\n\n\n\n<div class=\"wp-block-columns alignwide are-vertically-aligned-center is-layout-flex wp-container-core-columns-is-layout-3 wp-block-columns-is-layout-flex\">\n<div class=\"wp-block-column is-vertically-aligned-center is-layout-flow wp-block-column-is-layout-flow\">\n<figure class=\"wp-block-image size-full\"><img loading=\"lazy\" decoding=\"async\" width=\"474\" height=\"360\" src=\"https:\/\/lilasoi.fr\/wp-content\/uploads\/2022\/09\/encart-ecriture-conte.jpg\" alt=\"\" class=\"wp-image-1182\" srcset=\"https:\/\/lilasoi.fr\/wp-content\/uploads\/2022\/09\/encart-ecriture-conte.jpg 474w, https:\/\/lilasoi.fr\/wp-content\/uploads\/2022\/09\/encart-ecriture-conte-300x228.jpg 300w\" sizes=\"(max-width: 474px) 100vw, 474px\" \/><\/figure>\n\n\n\n<hr class=\"wp-block-separator has-text-color has-ast-global-color-0-color has-css-opacity has-ast-global-color-0-background-color has-background is-style-wide\"\/>\n\n\n\n<h4 class=\"has-text-align-center wp-block-heading\">Cercle Cr\u00e9atif <\/h4>\n\n\n\n<p class=\"has-text-align-center\">Red\u00e9couvrez les grandes figures mythologiques autour d&rsquo;un cercle de partage et de cr\u00e9ation !<\/p>\n\n\n\n<div class=\"wp-block-buttons is-content-justification-center is-layout-flex wp-container-core-buttons-is-layout-5 wp-block-buttons-is-layout-flex\">\n<div class=\"wp-block-button is-style-outline\"><a class=\"wp-block-button__link wp-element-button\" href=\"https:\/\/lilasoi.fr\/index.php\/danse-libre-toulon\/\">+ info<\/a><\/div>\n<\/div>\n<\/div>\n\n\n\n<div class=\"wp-block-column is-vertically-aligned-center is-layout-flow wp-block-column-is-layout-flow\">\n<figure class=\"wp-block-image size-full\"><img loading=\"lazy\" decoding=\"async\" width=\"474\" height=\"360\" src=\"https:\/\/lilasoi.fr\/wp-content\/uploads\/2022\/09\/encart-danse-contee.jpg\" alt=\"\" class=\"wp-image-1184\" srcset=\"https:\/\/lilasoi.fr\/wp-content\/uploads\/2022\/09\/encart-danse-contee.jpg 474w, https:\/\/lilasoi.fr\/wp-content\/uploads\/2022\/09\/encart-danse-contee-300x228.jpg 300w\" sizes=\"(max-width: 474px) 100vw, 474px\" \/><\/figure>\n\n\n\n<hr class=\"wp-block-separator has-text-color has-ast-global-color-0-color has-css-opacity has-ast-global-color-0-background-color has-background is-style-wide\"\/>\n\n\n\n<h4 class=\"has-text-align-center wp-block-heading\">Danse Intuitive<\/h4>\n\n\n\n<p class=\"has-text-align-center\">Dansez les yeux ferm\u00e9s, en vous laissant guider par le conte et la musique&#8230;       Vivez une exp\u00e9rience Unique!<\/p>\n\n\n\n<div class=\"wp-block-buttons is-content-justification-center is-layout-flex wp-container-core-buttons-is-layout-6 wp-block-buttons-is-layout-flex\">\n<div class=\"wp-block-button is-style-outline\"><a class=\"wp-block-button__link wp-element-button\" href=\"https:\/\/lilasoi.fr\/index.php\/danse-libre-toulon\/\">+ info<\/a><\/div>\n<\/div>\n<\/div>\n\n\n\n<div class=\"wp-block-column is-vertically-aligned-center is-layout-flow wp-block-column-is-layout-flow\">\n<figure class=\"wp-block-image size-full\"><img loading=\"lazy\" decoding=\"async\" width=\"354\" height=\"276\" src=\"https:\/\/lilasoi.fr\/wp-content\/uploads\/2022\/09\/encart-Danse-arc.jpg\" alt=\"\" class=\"wp-image-1094\" srcset=\"https:\/\/lilasoi.fr\/wp-content\/uploads\/2022\/09\/encart-Danse-arc.jpg 354w, https:\/\/lilasoi.fr\/wp-content\/uploads\/2022\/09\/encart-Danse-arc-300x234.jpg 300w\" sizes=\"(max-width: 354px) 100vw, 354px\" \/><\/figure>\n\n\n\n<hr class=\"wp-block-separator has-text-color has-ast-global-color-0-color has-css-opacity has-ast-global-color-0-background-color has-background is-style-wide\"\/>\n\n\n\n<h4 class=\"has-text-align-center wp-block-heading\">Danse Arch\u00e9type<\/h4>\n\n\n\n<p class=\"has-text-align-center\">Une exploration int\u00e9rieure, un dialogue entre le f\u00e9minin et le masculin par des m\u00e9dias artistiques.<\/p>\n\n\n\n<div class=\"wp-block-buttons is-content-justification-center is-layout-flex wp-container-core-buttons-is-layout-7 wp-block-buttons-is-layout-flex\">\n<div class=\"wp-block-button is-style-outline\"><a class=\"wp-block-button__link wp-element-button\" href=\"https:\/\/lilasoi.fr\/index.php\/danse-libre-toulon\/\">+ info<\/a><\/div>\n<\/div>\n<\/div>\n<\/div>\n<\/div><\/div>\n\n\n\n<p class=\"has-text-align-center has-ast-global-color-4-color has-ast-global-color-1-background-color has-text-color has-background has-medium-font-size\">DANSE INTUITIVE &#8211; LUNDI 25 SEPTEMBRE 17H30\/19H &#8211; Tour Royale, TOULON<\/p>\n\n\n\n<p class=\"has-text-align-center has-ast-global-color-0-color has-text-color has-medium-font-size\"><strong>Pour Vous Inscrire aux Ateliers Danse Intuitive : <a href=\"https:\/\/view.forms.app\/lilasoi\/formulaire-de-inscription-a-un-atelier\" target=\"_blank\" rel=\"noreferrer noopener\">https:\/\/view.forms.app\/lilasoi\/formulaire-de-inscription-a-un-atelier<\/a><\/strong><\/p>\n\n\n\n<p class=\"has-text-align-center has-ast-global-color-4-color has-ast-global-color-1-background-color has-text-color has-background has-medium-font-size\">Voir le programme : <a href=\"https:\/\/lilasoi.fr\/index.php\/agenda\/\" target=\"_blank\" rel=\"noreferrer noopener nofollow\">https:\/\/lilasoi.fr\/index.php\/agenda\/<\/a><\/p>\n\n\n\n<div class=\"wp-block-cover alignfull has-parallax\"><span aria-hidden=\"true\" class=\"wp-block-cover__background has-background-dim-70 has-background-dim\" style=\"background-color:#000000\"><\/span><div role=\"img\" class=\"wp-block-cover__image-background wp-image-92 has-parallax\" style=\"background-position:50% 50%;background-image:url(https:\/\/lilasoi.fr\/wp-content\/uploads\/2021\/02\/bg-03-free-img.jpg)\"><\/div><div class=\"wp-block-cover__inner-container is-layout-flow wp-block-cover-is-layout-flow\">\n<p>* ATTENTION&nbsp;:&nbsp;nous ne sommes ni m\u00e9decin,&nbsp;ni psychiatre,&nbsp;ni psychologue, ni psychoth\u00e9rapeute,&nbsp;ni kin\u00e9sith\u00e9rapeute.<\/p>\n\n\n\n<p>Aucune des prestations propos\u00e9es dans ce site ne vous dispense d&rsquo;une visite chez votre m\u00e9decin.Si vous suivez un traitement m\u00e9dical, il doit imp\u00e9rativement \u00eatre poursuivi. En aucun cas, vous ne devez le modifier ou l&rsquo;interrompre&nbsp;sans l&rsquo;avis de votre m\u00e9decin.<\/p>\n\n\n\n<p>Les prestations propos\u00e9es ici viennent en compl\u00e9ment de vos traitements m\u00e9dicaux ou de votre accompagnement psychologique et ne peuvent en aucun cas les remplacer. Ces th\u00e9rapies peuvent vous soulager&nbsp;mais ne doivent pas \u00eatre interpr\u00e9t\u00e9es comme des encouragements \u00e0 abandonner les traitements m\u00e9dicaux, ni une incitation \u00e0 l\u2019autom\u00e9dication.<\/p>\n\n\n\n<p>En cas de doute sur votre sant\u00e9, n&rsquo;h\u00e9sitez pas \u00e0 aller consulter votre m\u00e9decin.<\/p>\n\n\n\n<ul class=\"wp-block-social-links aligncenter has-icon-color has-icon-background-color items-justified-center is-style-default is-layout-flex wp-block-social-links-is-layout-flex\"><li style=\"color: var(--ast-global-color-5); background-color: var(--ast-global-color-0); \" class=\"wp-social-link wp-social-link-facebook has-ast-global-color-5-color has-ast-global-color-0-background-color wp-block-social-link\"><a href=\"https:\/\/#\" class=\"wp-block-social-link-anchor\"><svg width=\"24\" height=\"24\" viewBox=\"0 0 24 24\" version=\"1.1\" xmlns=\"http:\/\/www.w3.org\/2000\/svg\" aria-hidden=\"true\" focusable=\"false\"><path d=\"M12 2C6.5 2 2 6.5 2 12c0 5 3.7 9.1 8.4 9.9v-7H7.9V12h2.5V9.8c0-2.5 1.5-3.9 3.8-3.9 1.1 0 2.2.2 2.2.2v2.5h-1.3c-1.2 0-1.6.8-1.6 1.6V12h2.8l-.4 2.9h-2.3v7C18.3 21.1 22 17 22 12c0-5.5-4.5-10-10-10z\"><\/path><\/svg><span class=\"wp-block-social-link-label screen-reader-text\">Facebook<\/span><\/a><\/li>\n\n<li style=\"color: var(--ast-global-color-5); background-color: var(--ast-global-color-0); \" class=\"wp-social-link wp-social-link-twitter has-ast-global-color-5-color has-ast-global-color-0-background-color wp-block-social-link\"><a href=\"https:\/\/#\" class=\"wp-block-social-link-anchor\"><svg width=\"24\" height=\"24\" viewBox=\"0 0 24 24\" version=\"1.1\" xmlns=\"http:\/\/www.w3.org\/2000\/svg\" aria-hidden=\"true\" focusable=\"false\"><path d=\"M22.23,5.924c-0.736,0.326-1.527,0.547-2.357,0.646c0.847-0.508,1.498-1.312,1.804-2.27 c-0.793,0.47-1.671,0.812-2.606,0.996C18.324,4.498,17.257,4,16.077,4c-2.266,0-4.103,1.837-4.103,4.103 c0,0.322,0.036,0.635,0.106,0.935C8.67,8.867,5.647,7.234,3.623,4.751C3.27,5.357,3.067,6.062,3.067,6.814 c0,1.424,0.724,2.679,1.825,3.415c-0.673-0.021-1.305-0.206-1.859-0.513c0,0.017,0,0.034,0,0.052c0,1.988,1.414,3.647,3.292,4.023 c-0.344,0.094-0.707,0.144-1.081,0.144c-0.264,0-0.521-0.026-0.772-0.074c0.522,1.63,2.038,2.816,3.833,2.85 c-1.404,1.1-3.174,1.756-5.096,1.756c-0.331,0-0.658-0.019-0.979-0.057c1.816,1.164,3.973,1.843,6.29,1.843 c7.547,0,11.675-6.252,11.675-11.675c0-0.178-0.004-0.355-0.012-0.531C20.985,7.47,21.68,6.747,22.23,5.924z\"><\/path><\/svg><span class=\"wp-block-social-link-label screen-reader-text\">Twitter<\/span><\/a><\/li>\n\n<li style=\"color: var(--ast-global-color-5); background-color: var(--ast-global-color-0); \" class=\"wp-social-link wp-social-link-youtube has-ast-global-color-5-color has-ast-global-color-0-background-color wp-block-social-link\"><a href=\"https:\/\/#\" class=\"wp-block-social-link-anchor\"><svg width=\"24\" height=\"24\" viewBox=\"0 0 24 24\" version=\"1.1\" xmlns=\"http:\/\/www.w3.org\/2000\/svg\" aria-hidden=\"true\" focusable=\"false\"><path d=\"M21.8,8.001c0,0-0.195-1.378-0.795-1.985c-0.76-0.797-1.613-0.801-2.004-0.847c-2.799-0.202-6.997-0.202-6.997-0.202 h-0.009c0,0-4.198,0-6.997,0.202C4.608,5.216,3.756,5.22,2.995,6.016C2.395,6.623,2.2,8.001,2.2,8.001S2,9.62,2,11.238v1.517 c0,1.618,0.2,3.237,0.2,3.237s0.195,1.378,0.795,1.985c0.761,0.797,1.76,0.771,2.205,0.855c1.6,0.153,6.8,0.201,6.8,0.201 s4.203-0.006,7.001-0.209c0.391-0.047,1.243-0.051,2.004-0.847c0.6-0.607,0.795-1.985,0.795-1.985s0.2-1.618,0.2-3.237v-1.517 C22,9.62,21.8,8.001,21.8,8.001z M9.935,14.594l-0.001-5.62l5.404,2.82L9.935,14.594z\"><\/path><\/svg><span class=\"wp-block-social-link-label screen-reader-text\">YouTube<\/span><\/a><\/li><\/ul>\n<\/div><\/div>\n\n\n\n<div class=\"inherit-container-width wp-block-group alignfull has-ast-global-color-5-background-color has-background is-layout-constrained wp-block-group-is-layout-constrained\"><div class=\"wp-block-group__inner-container\">\n<div class=\"wp-block-columns is-layout-flex wp-container-core-columns-is-layout-4 wp-block-columns-is-layout-flex\">\n<div class=\"wp-block-column is-layout-flow wp-block-column-is-layout-flow\">\n<h2 class=\"wp-block-heading\">Ce qu&rsquo;ils en disent<\/h2>\n<\/div>\n\n\n\n<div class=\"wp-block-column is-layout-flow wp-block-column-is-layout-flow\">\n<figure class=\"wp-block-image alignright size-large\"><img loading=\"lazy\" decoding=\"async\" width=\"100\" height=\"100\" src=\"https:\/\/lilasoi.fr\/wp-content\/uploads\/2021\/06\/quote.png\" alt=\"\" class=\"wp-image-605\"\/><\/figure>\n<\/div>\n<\/div>\n\n\n\n<div class=\"wp-block-columns is-layout-flex wp-container-core-columns-is-layout-5 wp-block-columns-is-layout-flex\">\n<div class=\"wp-block-column is-layout-flow wp-block-column-is-layout-flow\">\n<hr class=\"wp-block-separator has-text-color has-ast-global-color-0-color has-css-opacity has-ast-global-color-0-background-color has-background is-style-wide\"\/>\n\n\n\n<p><em>Une meilleure connexion \u00e0 son inconscient qui peut s\u2019exprimer car la raison est mise de c\u00f4t\u00e9 . La magie et l\u2019inconscient peuvent ainsi parler. C\u2019est un double processus de connexion \u00e0 l\u2019ext\u00e9rieur, de connexion \u00e0 l\u2019int\u00e9rieur donc un processus de connexion au divin qui est \u00e0 la fois \u00e0 l\u2019ext\u00e9rieur et \u00e0 l\u2019int\u00e9rieur.<\/em><\/p>\n\n\n\n<div class=\"wp-block-media-text alignwide\" style=\"grid-template-columns:15% auto\"><figure class=\"wp-block-media-text__media\"><img loading=\"lazy\" decoding=\"async\" width=\"100\" height=\"100\" src=\"https:\/\/lilasoi.fr\/wp-content\/uploads\/2021\/06\/testimonial-1.png\" alt=\"\" class=\"wp-image-632 size-full\"\/><\/figure><div class=\"wp-block-media-text__content\">\n<p>D\u00e9borah<\/p>\n\n\n\n<p>Participante<\/p>\n<\/div><\/div>\n<\/div>\n\n\n\n<div class=\"wp-block-column is-layout-flow wp-block-column-is-layout-flow\">\n<hr class=\"wp-block-separator has-text-color has-ast-global-color-0-color has-css-opacity has-ast-global-color-0-background-color has-background is-style-wide\"\/>\n\n\n\n<p><em>Une joie de cr\u00e9er sans entrave , sans jugement, simplement par soucis d\u2019explorer de s\u2019approcher d\u2019une terre inconnue. C\u2019est un voyage dans la terre du milieu entre les 5 portes.<\/em><\/p>\n\n\n\n<div class=\"wp-block-media-text alignwide\" style=\"grid-template-columns:15% auto\"><figure class=\"wp-block-media-text__media\"><img loading=\"lazy\" decoding=\"async\" width=\"100\" height=\"100\" src=\"https:\/\/lilasoi.fr\/wp-content\/uploads\/2021\/06\/testimonial-3.png\" alt=\"\" class=\"wp-image-637 size-full\"\/><\/figure><div class=\"wp-block-media-text__content\">\n<p>Phil<\/p>\n\n\n\n<p>Participant<\/p>\n<\/div><\/div>\n<\/div>\n\n\n\n<div class=\"wp-block-column is-layout-flow wp-block-column-is-layout-flow\">\n<hr class=\"wp-block-separator has-text-color has-ast-global-color-0-color has-css-opacity has-ast-global-color-0-background-color has-background is-style-wide\"\/>\n\n\n\n<p><em>C\u2019est \u00e0 la fois un stage de d\u00e9veloppement personnel, de cr\u00e9ation artistique, de reconnexion a soi, spirituel. De stage d\u2019\u00e9criture, de confiance en soi et en l\u2019autre, de reconnexion au rituel de sacr\u00e9 et d\u2019abandon \u00e0 l\u2019inconnu.&nbsp;<\/em><\/p>\n\n\n\n<div class=\"wp-block-media-text alignwide\" style=\"grid-template-columns:15% auto\"><figure class=\"wp-block-media-text__media\"><img loading=\"lazy\" decoding=\"async\" width=\"100\" height=\"100\" src=\"https:\/\/lilasoi.fr\/wp-content\/uploads\/2021\/06\/testimonial-2.png\" alt=\"\" class=\"wp-image-635 size-full\"\/><\/figure><div class=\"wp-block-media-text__content\">\n<p>Emilie<\/p>\n\n\n\n<p>Participante<\/p>\n<\/div><\/div>\n<\/div>\n<\/div>\n<\/div><\/div>\n\n\n\n<section class=\"wp-block-group alignfull has-ast-global-color-5-background-color has-background is-layout-constrained wp-container-core-group-is-layout-8 wp-block-group-is-layout-constrained\">\n<figure class=\"wp-block-gallery aligncenter has-nested-images columns-5 wp-block-gallery-2 is-layout-flex wp-block-gallery-is-layout-flex\">\n<figure class=\"wp-block-image size-full\"><img decoding=\"async\" src=\"https:\/\/lilasoi.fr\/wp-content\/uploads\/2021\/02\/logo-001-free-img.png\" alt=\"\" class=\"wp-image-146\"\/><\/figure>\n\n\n\n<figure class=\"wp-block-image size-full\"><img loading=\"lazy\" decoding=\"async\" width=\"78\" height=\"27\" src=\"https:\/\/lilasoi.fr\/wp-content\/uploads\/2021\/02\/logo-004-free-img.png\" alt=\"\" class=\"wp-image-149\"\/><\/figure>\n\n\n\n<figure class=\"wp-block-image size-full\"><img decoding=\"async\" src=\"https:\/\/lilasoi.fr\/wp-content\/uploads\/2021\/02\/logo-002-free-img.png\" alt=\"\" class=\"wp-image-147\"\/><\/figure>\n\n\n\n<figure class=\"wp-block-image size-thumbnail\"><img decoding=\"async\" src=\"https:\/\/lilasoi.fr\/wp-content\/uploads\/2021\/02\/logo-005-free-img-150x32.png\" alt=\"\" class=\"wp-image-150\"\/><\/figure>\n<\/figure>\n<\/section>\n","protected":false},"excerpt":{"rendered":"<p>Enracinez-vous dans le souffle de vie ! Je propose diff\u00e9rentes approches pour retrouver votre force vitale et fluidifier le lien entre votre corps, votre expression et votre esprit R\u00e9flexologie Plantaire En compl\u00e9ment d\u2019un suivi m\u00e9dical ou psychologique*, la r\u00e9flexologie plantaire a pour&nbsp;but de&nbsp;pr\u00e9venir et soulager les maladies par un processus de r\u00e9\u00e9quilibrage . 1 S\u00e9ance &hellip;<\/p>\n<p class=\"read-more\"> <a class=\"\" href=\"https:\/\/lilasoi.fr\/\"> <span class=\"screen-reader-text\">R\u00e9flexologie Plantaire toulon<\/span> Lire la suite\u00a0\u00bb<\/a><\/p>\n","protected":false},"author":1,"featured_media":0,"parent":0,"menu_order":0,"comment_status":"closed","ping_status":"closed","template":"","meta":{"_monsterinsights_skip_tracking":false,"_monsterinsights_sitenote_active":false,"_monsterinsights_sitenote_note":"","_monsterinsights_sitenote_category":0,"site-sidebar-layout":"no-sidebar","site-content-layout":"plain-container","ast-global-header-display":"","ast-main-header-display":"","ast-hfb-above-header-display":"","ast-hfb-below-header-display":"","ast-hfb-mobile-header-display":"","site-post-title":"disabled","ast-breadcrumbs-content":"disabled","ast-featured-img":"disabled","footer-sml-layout":"","theme-transparent-header-meta":"enabled","adv-header-id-meta":"","stick-header-meta":"","header-above-stick-meta":"","header-main-stick-meta":"","header-below-stick-meta":"","footnotes":""},"yoast_head":"<!-- This site is optimized with the Yoast SEO plugin v24.5 - https:\/\/yoast.com\/wordpress\/plugins\/seo\/ -->\n<title>R\u00e9flexologie Plantaire toulon - lilasoi<\/title>\n<meta name=\"description\" content=\"Dipl\u00f4m\u00e9e de l&#039;\u00e9cole Nationale de Naturopathie. S\u00e9ance de r\u00e9flexologie plantaire rembours\u00e9e \u00e0 100% par certaines mutuelles. Apaise, R\u00e9\u00e9quilibre, Redynamise\" \/>\n<meta name=\"robots\" content=\"index, follow, max-snippet:-1, max-image-preview:large, max-video-preview:-1\" \/>\n<link rel=\"canonical\" href=\"https:\/\/lilasoi.fr\/\" \/>\n<meta property=\"og:locale\" content=\"fr_FR\" \/>\n<meta property=\"og:type\" content=\"article\" \/>\n<meta property=\"og:title\" content=\"lilasoi.fr lilasoi\" \/>\n<meta property=\"og:description\" content=\"R\u00e9flexologie plantaire, techniques respiratoires, ateliers cr\u00e9atifs introspectifs.\" \/>\n<meta property=\"og:url\" content=\"https:\/\/lilasoi.fr\/\" \/>\n<meta property=\"og:site_name\" content=\"lilasoi\" \/>\n<meta property=\"article:publisher\" content=\"https:\/\/www.facebook.com\/Air-de-1989826371304111\" \/>\n<meta property=\"article:modified_time\" content=\"2023-09-21T07:03:24+00:00\" \/>\n<meta property=\"og:image\" content=\"https:\/\/lilasoi.fr\/wp-content\/uploads\/2022\/08\/th-3793271380.jpg\" \/>\n\t<meta property=\"og:image:width\" content=\"474\" \/>\n\t<meta property=\"og:image:height\" content=\"316\" \/>\n\t<meta property=\"og:image:type\" content=\"image\/jpeg\" \/>\n<meta name=\"twitter:card\" content=\"summary_large_image\" \/>\n<meta name=\"twitter:title\" content=\"lilasoi R\u00e9flexologie plantaire, techniques respiratoires, ateliers cr\u00e9atifs introspectifs.\" \/>\n<meta name=\"twitter:image\" content=\"https:\/\/lilasoi.fr\/wp-content\/uploads\/2022\/08\/th-3793271380.jpg\" \/>\n<meta name=\"twitter:label1\" content=\"Dur\u00e9e de lecture estim\u00e9e\" \/>\n\t<meta name=\"twitter:data1\" content=\"6 minutes\" \/>\n<script type=\"application\/ld+json\" class=\"yoast-schema-graph\">{\"@context\":\"https:\/\/schema.org\",\"@graph\":[{\"@type\":\"WebPage\",\"@id\":\"https:\/\/lilasoi.fr\/\",\"url\":\"https:\/\/lilasoi.fr\/\",\"name\":\"R\u00e9flexologie Plantaire toulon - lilasoi\",\"isPartOf\":{\"@id\":\"https:\/\/lilasoi.fr\/#website\"},\"primaryImageOfPage\":{\"@id\":\"https:\/\/lilasoi.fr\/#primaryimage\"},\"image\":{\"@id\":\"https:\/\/lilasoi.fr\/#primaryimage\"},\"thumbnailUrl\":\"https:\/\/lilasoi.fr\/wp-content\/uploads\/2022\/08\/flower-waterlily-botany-7383308-edited-e1660904084152.jpg\",\"datePublished\":\"2021-06-18T06:33:33+00:00\",\"dateModified\":\"2023-09-21T07:03:24+00:00\",\"description\":\"Dipl\u00f4m\u00e9e de l'\u00e9cole Nationale de Naturopathie. S\u00e9ance de r\u00e9flexologie plantaire rembours\u00e9e \u00e0 100% par certaines mutuelles. Apaise, R\u00e9\u00e9quilibre, Redynamise\",\"breadcrumb\":{\"@id\":\"https:\/\/lilasoi.fr\/#breadcrumb\"},\"inLanguage\":\"fr-FR\",\"potentialAction\":[{\"@type\":\"ReadAction\",\"target\":[\"https:\/\/lilasoi.fr\/\"]}]},{\"@type\":\"ImageObject\",\"inLanguage\":\"fr-FR\",\"@id\":\"https:\/\/lilasoi.fr\/#primaryimage\",\"url\":\"https:\/\/lilasoi.fr\/wp-content\/uploads\/2022\/08\/flower-waterlily-botany-7383308-edited-e1660904084152.jpg\",\"contentUrl\":\"https:\/\/lilasoi.fr\/wp-content\/uploads\/2022\/08\/flower-waterlily-botany-7383308-edited-e1660904084152.jpg\",\"width\":852,\"height\":454,\"caption\":\"flower, waterlily, botany-7383308.jpg\"},{\"@type\":\"BreadcrumbList\",\"@id\":\"https:\/\/lilasoi.fr\/#breadcrumb\",\"itemListElement\":[{\"@type\":\"ListItem\",\"position\":1,\"name\":\"Accueil\",\"item\":\"https:\/\/lilasoi.fr\/\"},{\"@type\":\"ListItem\",\"position\":2,\"name\":\"R\u00e9flexologie Plantaire toulon\"}]},{\"@type\":\"WebSite\",\"@id\":\"https:\/\/lilasoi.fr\/#website\",\"url\":\"https:\/\/lilasoi.fr\/\",\"name\":\"lilasoi\",\"description\":\"\",\"publisher\":{\"@id\":\"https:\/\/lilasoi.fr\/#organization\"},\"potentialAction\":[{\"@type\":\"SearchAction\",\"target\":{\"@type\":\"EntryPoint\",\"urlTemplate\":\"https:\/\/lilasoi.fr\/?s={search_term_string}\"},\"query-input\":{\"@type\":\"PropertyValueSpecification\",\"valueRequired\":true,\"valueName\":\"search_term_string\"}}],\"inLanguage\":\"fr-FR\"},{\"@type\":\"Organization\",\"@id\":\"https:\/\/lilasoi.fr\/#organization\",\"name\":\"lilasoi\",\"url\":\"https:\/\/lilasoi.fr\/\",\"logo\":{\"@type\":\"ImageObject\",\"inLanguage\":\"fr-FR\",\"@id\":\"https:\/\/lilasoi.fr\/#\/schema\/logo\/image\/\",\"url\":\"https:\/\/lilasoi.fr\/wp-content\/uploads\/2023\/03\/Logo25-fusion-10x10-1.png\",\"contentUrl\":\"https:\/\/lilasoi.fr\/wp-content\/uploads\/2023\/03\/Logo25-fusion-10x10-1.png\",\"width\":787,\"height\":787,\"caption\":\"lilasoi\"},\"image\":{\"@id\":\"https:\/\/lilasoi.fr\/#\/schema\/logo\/image\/\"},\"sameAs\":[\"https:\/\/www.facebook.com\/Air-de-1989826371304111\",\"https:\/\/www.facebook.com\/search\/top?q=lilasoi\"]}]}<\/script>\n<!-- \/ Yoast SEO plugin. -->","yoast_head_json":{"title":"R\u00e9flexologie Plantaire toulon - lilasoi","description":"Dipl\u00f4m\u00e9e de l'\u00e9cole Nationale de Naturopathie. S\u00e9ance de r\u00e9flexologie plantaire rembours\u00e9e \u00e0 100% par certaines mutuelles. Apaise, R\u00e9\u00e9quilibre, Redynamise","robots":{"index":"index","follow":"follow","max-snippet":"max-snippet:-1","max-image-preview":"max-image-preview:large","max-video-preview":"max-video-preview:-1"},"canonical":"https:\/\/lilasoi.fr\/","og_locale":"fr_FR","og_type":"article","og_title":"lilasoi.fr lilasoi","og_description":"R\u00e9flexologie plantaire, techniques respiratoires, ateliers cr\u00e9atifs introspectifs.","og_url":"https:\/\/lilasoi.fr\/","og_site_name":"lilasoi","article_publisher":"https:\/\/www.facebook.com\/Air-de-1989826371304111","article_modified_time":"2023-09-21T07:03:24+00:00","og_image":[{"width":474,"height":316,"url":"https:\/\/lilasoi.fr\/wp-content\/uploads\/2022\/08\/th-3793271380.jpg","type":"image\/jpeg"}],"twitter_card":"summary_large_image","twitter_title":"lilasoi R\u00e9flexologie plantaire, techniques respiratoires, ateliers cr\u00e9atifs introspectifs.","twitter_image":"https:\/\/lilasoi.fr\/wp-content\/uploads\/2022\/08\/th-3793271380.jpg","twitter_misc":{"Dur\u00e9e de lecture estim\u00e9e":"6 minutes"},"schema":{"@context":"https:\/\/schema.org","@graph":[{"@type":"WebPage","@id":"https:\/\/lilasoi.fr\/","url":"https:\/\/lilasoi.fr\/","name":"R\u00e9flexologie Plantaire toulon - lilasoi","isPartOf":{"@id":"https:\/\/lilasoi.fr\/#website"},"primaryImageOfPage":{"@id":"https:\/\/lilasoi.fr\/#primaryimage"},"image":{"@id":"https:\/\/lilasoi.fr\/#primaryimage"},"thumbnailUrl":"https:\/\/lilasoi.fr\/wp-content\/uploads\/2022\/08\/flower-waterlily-botany-7383308-edited-e1660904084152.jpg","datePublished":"2021-06-18T06:33:33+00:00","dateModified":"2023-09-21T07:03:24+00:00","description":"Dipl\u00f4m\u00e9e de l'\u00e9cole Nationale de Naturopathie. S\u00e9ance de r\u00e9flexologie plantaire rembours\u00e9e \u00e0 100% par certaines mutuelles. Apaise, R\u00e9\u00e9quilibre, Redynamise","breadcrumb":{"@id":"https:\/\/lilasoi.fr\/#breadcrumb"},"inLanguage":"fr-FR","potentialAction":[{"@type":"ReadAction","target":["https:\/\/lilasoi.fr\/"]}]},{"@type":"ImageObject","inLanguage":"fr-FR","@id":"https:\/\/lilasoi.fr\/#primaryimage","url":"https:\/\/lilasoi.fr\/wp-content\/uploads\/2022\/08\/flower-waterlily-botany-7383308-edited-e1660904084152.jpg","contentUrl":"https:\/\/lilasoi.fr\/wp-content\/uploads\/2022\/08\/flower-waterlily-botany-7383308-edited-e1660904084152.jpg","width":852,"height":454,"caption":"flower, waterlily, botany-7383308.jpg"},{"@type":"BreadcrumbList","@id":"https:\/\/lilasoi.fr\/#breadcrumb","itemListElement":[{"@type":"ListItem","position":1,"name":"Accueil","item":"https:\/\/lilasoi.fr\/"},{"@type":"ListItem","position":2,"name":"R\u00e9flexologie Plantaire toulon"}]},{"@type":"WebSite","@id":"https:\/\/lilasoi.fr\/#website","url":"https:\/\/lilasoi.fr\/","name":"lilasoi","description":"","publisher":{"@id":"https:\/\/lilasoi.fr\/#organization"},"potentialAction":[{"@type":"SearchAction","target":{"@type":"EntryPoint","urlTemplate":"https:\/\/lilasoi.fr\/?s={search_term_string}"},"query-input":{"@type":"PropertyValueSpecification","valueRequired":true,"valueName":"search_term_string"}}],"inLanguage":"fr-FR"},{"@type":"Organization","@id":"https:\/\/lilasoi.fr\/#organization","name":"lilasoi","url":"https:\/\/lilasoi.fr\/","logo":{"@type":"ImageObject","inLanguage":"fr-FR","@id":"https:\/\/lilasoi.fr\/#\/schema\/logo\/image\/","url":"https:\/\/lilasoi.fr\/wp-content\/uploads\/2023\/03\/Logo25-fusion-10x10-1.png","contentUrl":"https:\/\/lilasoi.fr\/wp-content\/uploads\/2023\/03\/Logo25-fusion-10x10-1.png","width":787,"height":787,"caption":"lilasoi"},"image":{"@id":"https:\/\/lilasoi.fr\/#\/schema\/logo\/image\/"},"sameAs":["https:\/\/www.facebook.com\/Air-de-1989826371304111","https:\/\/www.facebook.com\/search\/top?q=lilasoi"]}]}},"_links":{"self":[{"href":"https:\/\/lilasoi.fr\/index.php\/wp-json\/wp\/v2\/pages\/572"}],"collection":[{"href":"https:\/\/lilasoi.fr\/index.php\/wp-json\/wp\/v2\/pages"}],"about":[{"href":"https:\/\/lilasoi.fr\/index.php\/wp-json\/wp\/v2\/types\/page"}],"author":[{"embeddable":true,"href":"https:\/\/lilasoi.fr\/index.php\/wp-json\/wp\/v2\/users\/1"}],"replies":[{"embeddable":true,"href":"https:\/\/lilasoi.fr\/index.php\/wp-json\/wp\/v2\/comments?post=572"}],"version-history":[{"count":113,"href":"https:\/\/lilasoi.fr\/index.php\/wp-json\/wp\/v2\/pages\/572\/revisions"}],"predecessor-version":[{"id":1431,"href":"https:\/\/lilasoi.fr\/index.php\/wp-json\/wp\/v2\/pages\/572\/revisions\/1431"}],"wp:attachment":[{"href":"https:\/\/lilasoi.fr\/index.php\/wp-json\/wp\/v2\/media?parent=572"}],"curies":[{"name":"wp","href":"https:\/\/api.w.org\/{rel}","templated":true}]}}